

{"id":98023,"date":"2025-09-25T17:43:17","date_gmt":"2025-09-25T17:43:17","guid":{"rendered":"https:\/\/aavesa.com\/product\/megfordithato-juhaszkabat-2109\/"},"modified":"2026-04-10T15:03:02","modified_gmt":"2026-04-10T17:03:02","slug":"megfordithato-juhaszkabat-2109","status":"publish","type":"product","link":"https:\/\/aavesa.com\/hu\/product\/megfordithato-juhaszkabat-2109\/","title":{"rendered":"Megford\u00edthat\u00f3 juh\u00e1szkab\u00e1t 2109"},"content":{"rendered":"<p data-start=\"76\" data-end=\"492\">A sokoldal\u00fa \u00e9s modern kab\u00e1t, amely t\u00f6k\u00e9letes a hideg \u00e9vszakra, ez a megford\u00edthat\u00f3 darab term\u00e9szetes bund\u00e1b\u00f3l k\u00e9sz\u00fclt, \u00e9s k\u00e9t k\u00fcl\u00f6nb\u00f6z\u0151 megjelen\u00e9st k\u00edn\u00e1l egy ruhadarabon bel\u00fcl. A finom b\u0151rb\u0151l k\u00e9sz\u00fclt k\u00fcls\u0151 oldal modern \u00e9s eleg\u00e1ns megjelen\u00e9s\u0171, m\u00edg a g\u00f6nd\u00f6r ny\u00edrb\u0151rb\u0151l k\u00e9sz\u00fclt h\u00e1toldal volument \u00e9s meleget k\u00f6lcs\u00f6n\u00f6z. A r\u00f6vid szab\u00e1s \u00e9s a nagyvonal\u00fa kapucni egyszerre teszi ezt a kab\u00e1tot praktikuss\u00e1 \u00e9s st\u00edlusoss\u00e1 a hideg t\u00e9li napokon.  <\/p>\n<p data-start=\"494\" data-end=\"727\">A funkcion\u00e1lis, m\u00e9gis eszt\u00e9tikus kab\u00e1t t\u00f6k\u00e9letesen passzol mind az alkalmi, mind a kifinomultabb \u00f6lt\u00f6z\u00e9kekhez, hiszen k\u00f6nnyen kombin\u00e1lhat\u00f3 nadr\u00e1ggal, ruh\u00e1val vagy szokny\u00e1val. Ide\u00e1lis azoknak a n\u0151knek, akik a diszkr\u00e9t luxust a t\u00f6k\u00e9letes k\u00e9nyelemmel szeretn\u00e9k \u00f6tv\u00f6zni. <\/p>\n<p><strong data-start=\"729\" data-end=\"748\">A term\u00e9k r\u00e9szletei:<\/strong><\/p>\n<ul>\n<li data-start=\"729\" data-end=\"1043\">Megford\u00edthat\u00f3 kialak\u00edt\u00e1s: az egyik oldalon b\u0151r, a m\u00e1sikon g\u00f6nd\u00f6r ny\u00edrb\u0151r.<\/li>\n<li data-start=\"729\" data-end=\"1043\">Nagy kapucni, term\u00e9szetes bund\u00e1val b\u00e9lelve<\/li>\n<li data-start=\"729\" data-end=\"1043\">El\u00fcls\u0151 cipz\u00e1ras z\u00e1r\u00f3d\u00e1s<\/li>\n<li data-start=\"729\" data-end=\"1043\">Oldals\u00f3 zsebek mindk\u00e9t oldalon<\/li>\n<li data-start=\"729\" data-end=\"1043\">R\u00f6vid, egyenes v\u00e1g\u00e1s<\/li>\n<li data-start=\"729\" data-end=\"1043\">Nagyon meleg, ide\u00e1lis t\u00e9lre<\/li>\n<li data-start=\"729\" data-end=\"1043\">Sz\u00edn: Fekete \u00e9s b\u00e9zs<\/li>\n<li data-start=\"729\" data-end=\"1043\">Hossz: 58 cm<\/li>\n<li data-start=\"729\" data-end=\"1043\">Modell\u00fcnk 175 cm magas \u00e9s 36-os m\u00e9retet visel.<\/li>\n<\/ul>\n","protected":false},"excerpt":{"rendered":"<p>A sokoldal\u00fa \u00e9s modern kab\u00e1t, amely t\u00f6k\u00e9letes a hideg \u00e9vszakra, ez a megford\u00edthat\u00f3 darab term\u00e9szetes bund\u00e1b\u00f3l k\u00e9sz\u00fclt, \u00e9s k\u00e9t k\u00fcl\u00f6nb\u00f6z\u0151 megjelen\u00e9st k\u00edn\u00e1l egy ruhadarabon bel\u00fcl. A finom b\u0151rb\u0151l k\u00e9sz\u00fclt k\u00fcls\u0151 oldal modern \u00e9s eleg\u00e1ns megjelen\u00e9s\u0171, m\u00edg a g\u00f6nd\u00f6r ny\u00edrb\u0151rb\u0151l k\u00e9sz\u00fclt h\u00e1toldal volument \u00e9s meleget k\u00f6lcs\u00f6n\u00f6z. A r\u00f6vid szab\u00e1s \u00e9s a nagyvonal\u00fa kapucni egyszerre teszi ezt [&hellip;]<\/p>\n","protected":false},"featured_media":97395,"comment_status":"closed","ping_status":"closed","template":"","meta":{"_acf_changed":false,"om_disable_all_campaigns":false,"inline_featured_image":false,"_monsterinsights_skip_tracking":false,"_monsterinsights_sitenote_active":false,"_monsterinsights_sitenote_note":"","_monsterinsights_sitenote_category":0},"product_brand":[],"product_cat":[918,784,952,773,741],"product_tag":[],"class_list":{"0":"post-98023","1":"product","2":"type-product","3":"status-publish","4":"has-post-thumbnail","6":"product_cat-2025-2026-kollekcio-autentikus-elegancia-szormeben-es-termeszetes-borben","7":"product_cat-baranybor","8":"product_cat-ferfi-es-noi-pehelypaplan-dzsekik-a-luxus-es-a-melegseg-vegso-kevereke","9":"product_cat-noi-shearling-dzsekik","10":"product_cat-nok","12":"first","13":"instock","14":"taxable","15":"shipping-taxable","16":"purchasable","17":"product-type-variable","18":"has-default-attributes","19":"wvs-archive-product-wrapper"},"acf":{"categorie_feed":""},"aioseo_notices":[],"_links":{"self":[{"href":"https:\/\/aavesa.com\/hu\/wp-json\/wp\/v2\/product\/98023","targetHints":{"allow":["GET"]}}],"collection":[{"href":"https:\/\/aavesa.com\/hu\/wp-json\/wp\/v2\/product"}],"about":[{"href":"https:\/\/aavesa.com\/hu\/wp-json\/wp\/v2\/types\/product"}],"replies":[{"embeddable":true,"href":"https:\/\/aavesa.com\/hu\/wp-json\/wp\/v2\/comments?post=98023"}],"wp:featuredmedia":[{"embeddable":true,"href":"https:\/\/aavesa.com\/hu\/wp-json\/wp\/v2\/media\/97395"}],"wp:attachment":[{"href":"https:\/\/aavesa.com\/hu\/wp-json\/wp\/v2\/media?parent=98023"}],"wp:term":[{"taxonomy":"product_brand","embeddable":true,"href":"https:\/\/aavesa.com\/hu\/wp-json\/wp\/v2\/product_brand?post=98023"},{"taxonomy":"product_cat","embeddable":true,"href":"https:\/\/aavesa.com\/hu\/wp-json\/wp\/v2\/product_cat?post=98023"},{"taxonomy":"product_tag","embeddable":true,"href":"https:\/\/aavesa.com\/hu\/wp-json\/wp\/v2\/product_tag?post=98023"}],"curies":[{"name":"wp","href":"https:\/\/api.w.org\/{rel}","templated":true}]}}